{"id":3552,"date":"2025-06-17T11:12:54","date_gmt":"2025-06-17T08:12:54","guid":{"rendered":"https:\/\/timisoaratriathlon.ro\/?page_id=3552"},"modified":"2025-10-01T18:00:23","modified_gmt":"2025-10-01T15:00:23","slug":"futas-kerekpar-futas-szabalyok","status":"publish","type":"page","link":"https:\/\/timisoaratriathlon.ro\/hu\/futas-kerekpar-futas-szabalyok\/","title":{"rendered":"FUT\u00d3 \u00c9S KER\u00c9KP\u00c1ROZ\u00c1SI \u00c9LM\u00c9NY Szab\u00e1lyzata"},"content":{"rendered":"<div class=\"wpb-content-wrapper\"><div class=\"vc_row wpb_row vc_row-fluid\"><div class=\"wpb_column vc_column_container vc_col-sm-12\"><div class=\"vc_column-inner\"><div class=\"wpb_wrapper\">\n\t<div class=\"wpb_text_column wpb_content_element\" >\n\t\t<div class=\"wpb_wrapper\">\n\t\t\t<h2 style=\"text-align: center;\"><\/h2>\n<p style=\"text-align: right;\">3. verzi\u00f3\/2025. szeptember 29.<\/p>\n<p>&nbsp;<\/p>\n<h4><span style=\"color: #00ccff;\"><strong>1. SZAKASZ. A VERSENY SZERVEZ\u0150I \u00c9S HIVATALOS SZAB\u00c1LYZATA<\/strong><\/span><\/h4>\n<p>A RUN &amp; BIKE EXPERIENCE verseny a &quot;Timi\u0219oara Triathlon&quot; sportesem\u00e9ny r\u00e9sze, a CS Ride Competition szervez\u00e9s\u00e9ben, \u00e9s c\u00e9lja, hogy n\u00e9pszer\u0171s\u00edtse a multisport versenyeket \u00e9s \u00e1ltal\u00e1ban az akt\u00edv \u00e9letm\u00f3dot.<\/p>\n<p>A verseny r\u00e9sztvev\u0151i beleegyeznek, hogy betartj\u00e1k a jelen hivatalos versenyszab\u00e1lyzat (a tov\u00e1bbiakban: \u201eHivatalos szab\u00e1lyok\u201d) felt\u00e9teleit.<\/p>\n<p>A versenyen val\u00f3 r\u00e9szv\u00e9tellel a r\u00e9sztvev\u0151k v\u00e1llalj\u00e1k, hogy tiszteletben tartj\u00e1k \u00e9s betartj\u00e1k a hivatalos szab\u00e1lyzat minden rendelkez\u00e9s\u00e9t, felt\u00e9tel\u00e9t \u00e9s kik\u00f6t\u00e9s\u00e9t, valamint a hat\u00e1lyos szab\u00e1lyokat, \u00e9s saj\u00e1t felel\u0151ss\u00e9g\u00fckre al\u00e1\u00edrj\u00e1k a szervez\u0151k \u00e1ltal k\u00fcld\u00f6tt nyilatkozatot a r\u00e9szv\u00e9teli csomag \u00e1tv\u00e9tel\u00e9ig.<\/p>\n<p>&nbsp;<\/p>\n<h4 style=\"text-align: left;\"><span style=\"color: #00ccff;\"><strong>2. SZAKASZ A VERSENY ID\u0150PONTJA \u00c9S HELYSZ\u00cdNE<\/strong><\/span><\/h4>\n<p>A versenyre 2026. j\u00falius 19-\u00e9n, vas\u00e1rnap ker\u00fcl sor Temesv\u00e1ron.<\/p>\n<p>A rajt a Temesv\u00e1ri Szabads\u00e1g t\u00e9rr\u0151l (Pia\u021ba Liberta\u021bii) lesz, a c\u00e9l pedig ugyanott lesz.<\/p>\n<p>&nbsp;<\/p>\n<h4><span style=\"color: #00ccff;\"><strong>3. SZAKASZ. VERSENY MECHANIZMUS<\/strong><\/span><\/h4>\n<h6><span style=\"color: #00ccff;\">3.1.1 A VERSENY R\u00c9SZTVEV\u0150I \u00c9S LEBONYOL\u00cdT\u00c1SA:<\/span><\/h6>\n<p>Ez a verseny b\u00e1rki sz\u00e1m\u00e1ra nyitott, aki megfelel a k\u00f6vetkez\u0151 felt\u00e9teleknek:<\/p>\n<p>\u2013 16 \u00e9v feletti<\/p>\n<ul>\n<li>\u2013 olyan eg\u00e9szs\u00e9gi \u00e1llapottal rendelkezik, amely lehet\u0151v\u00e9 teszi sz\u00e1m\u00e1ra a versenyvizsg\u00e1kon val\u00f3 r\u00e9szv\u00e9telt;<\/li>\n<\/ul>\n<p>\u2013 m\u0171k\u00f6d\u0151k\u00e9pes, mindk\u00e9t ker\u00e9ken f\u00e9kkel ell\u00e1tott, j\u00f3 \u00e1llapot\u00fa ker\u00e9kp\u00e1rral lehet r\u00e9szt venni. Orsz\u00e1g\u00fati, v\u00e1rosi \u00e9s hegyi ker\u00e9kp\u00e1rok haszn\u00e1lata megengedett, egy vagy t\u00f6bb sebess\u00e9ggel.<\/p>\n<p>Id\u0151futam ker\u00e9kp\u00e1rok, illetve a versenyz\u0151k biztons\u00e1g\u00e1t vesz\u00e9lyeztet\u0151 ker\u00e9kp\u00e1rmodellek haszn\u00e1lata tilos.<\/p>\n<ul>\n<li>\u2013 a ker\u00e9kp\u00e1ros rendezv\u00e9ny teljes id\u0151tartama alatt ker\u00e9kp\u00e1ros buk\u00f3sisakot kell viselni.<\/li>\n<\/ul>\n<p>FIGYELEM! Ha a versenyz\u0151 a dep\u00f3ba val\u00f3 bel\u00e9p\u00e9skor nem mutat be m\u0171k\u00f6d\u0151k\u00e9pes ker\u00e9kp\u00e1rt \u00e9s\/vagy nincs n\u00e1la ker\u00e9kp\u00e1ros buk\u00f3sisak, nem kezdheti meg a versenyt.<\/p>\n<p>&nbsp;<\/p>\n<h5><span style=\"color: #00ccff;\"><strong>3.2. \u00fcnnep<\/strong><strong>A VERSENY K\u00d6NNY\u00cdT\u00c9SE<\/strong><\/span><\/h5>\n<p>A versenyz\u0151knek mindh\u00e1rom egy\u00e9ni versenysz\u00e1mot \u2013 1. fut\u00e1s, ker\u00e9kp\u00e1r \u00e9s 2. fut\u00e1s \u2013 ebben a sorrendben kell teljes\u00edteni\u00fck, \u00e9s a regisztr\u00e1lt verseny teljes versenyt\u00e1vj\u00e1t meg kell tenni\u00fck.<\/p>\n<p>A verseny \u00fatvonal\u00e1t ker\u00edt\u00e9sek, elv\u00e1laszt\u00f3 s\u00e1vok \u00e9s k\u00fapok biztos\u00edtj\u00e1k. A szervez\u0151k k\u00e9pvisel\u0151i \u2013 az \u00fatvonalbizotts\u00e1g tagjai \u2013 az \u00fatvonal kulcsfontoss\u00e1g\u00fa pontjain jelen lesznek, \u00e9s biztos\u00edtj\u00e1k, hogy minden versenyz\u0151 biztons\u00e1gos k\u00f6r\u00fclm\u00e9nyek k\u00f6z\u00f6tt bonyol\u00edtsa le a versenyt, \u00e9s betartsa a versenyszab\u00e1lyokat.<\/p>\n<p>Azok a versenyz\u0151k, akik nem tartj\u00e1k be a hivatalos \u00fatvonalat, vagy azt b\u00e1rmilyen m\u00f3don ler\u00f6vid\u00edtik (ezzel versenyel\u0151nyt szereznek), kiz\u00e1r\u00e1sra ker\u00fclnek.<\/p>\n<p>A teljes \u00fatvonal r\u00e9szletes t\u00e9rk\u00e9pe el\u00e9rhet\u0151 a www.timisoaratriathlon.ro weboldalon, a FUT\u00d3 &amp; KER\u00c9KP\u00c1ROS \u00c9LM\u00c9NY r\u00e9szben.<\/p>\n<p>&nbsp;<\/p>\n<h6><span style=\"color: #00ccff;\"><strong>3.2.1 VERSENYTESZTEK<\/strong><\/span><\/h6>\n<p>&nbsp;<\/p>\n<p>A verseny a k\u00f6vetkez\u0151k\u00e9ppen zajlik:<\/p>\n<ul>\n<li>\u2013 Az els\u0151 fut\u00f3verseny, egy 2 km-es k\u00f6r\u00f6n, a Szabads\u00e1g t\u00e9rr\u0151l indulva.<\/li>\n<li>\u2013 Az 1-es fut\u00e1s \u00e9s a ker\u00e9kp\u00e1roz\u00e1s k\u00f6z\u00f6tti \u00e1tmenet \u2013 az Iancu Huniade t\u00e9ren<\/li>\n<li>\u2013 Ker\u00e9kp\u00e1ros verseny, amely egy 1,7 km-es k\u00f6rp\u00e1ly\u00e1n zajlik. 6 k\u00f6rt tesznek meg, \u00f6sszesen k\u00f6r\u00fclbel\u00fcl 10 km t\u00e1vols\u00e1got biztos\u00edtva. A versenyz\u0151 felel\u0151ss\u00e9ge, hogy nyomon k\u00f6vesse a megteend\u0151 k\u00f6r\u00f6ket.<\/li>\n<li>\u2013 \u00c1tmenet ker\u00e9kp\u00e1roz\u00e1s \u00e9s fut\u00e1s k\u00f6z\u00f6tt 2 \u2013 ugyanazon a helysz\u00ednen, a Huniade t\u00e9ren.<\/li>\n<li>-A m\u00e1sodik fut\u00f3verseny, az els\u0151 fut\u00e1ssal szinte azonos \u00fatvonalon, \u00f6sszesen 2 km-es, a Szabads\u00e1g t\u00e9ren t\u00f6rt\u00e9n\u0151 befut\u00f3val.<\/li>\n<\/ul>\n<p>&nbsp;<\/p>\n<h6><span style=\"color: #00ccff;\"><strong>3.2.2 \u00c1TMENETI TER\u00dcLET<\/strong><\/span><\/h6>\n<p>Az \u00e1tmeneti z\u00f3na ugyanaz a T1: fut\u00e1s-ker\u00e9kp\u00e1roz\u00e1s \u00e9s a T2: ker\u00e9kp\u00e1roz\u00e1s-fut\u00e1s eset\u00e9ben.<\/p>\n<p>Az \u00e1tmeneti ter\u00fclethez val\u00f3 hozz\u00e1f\u00e9r\u00e9st biztos\u00edtj\u00e1k, \u00e9s csak a r\u00e9sztvev\u0151k sz\u00e1m\u00e1ra biztos\u00edtj\u00e1k.<\/p>\n<p>\u00c1TMENETI TER\u00dcLET BIZTONS\u00c1GI R\u00c9SZLETEI:<\/p>\n<p>A bel\u00e9p\u00e9s csak a versenysz\u00e1m alapj\u00e1n t\u00f6rt\u00e9nik;<\/p>\n<p>A ker\u00e9kp\u00e1rok \u00e9s felszerel\u00e9sek t\u00e1rol\u00e1sa az \u00e1tmeneti ter\u00fcleten a verseny honlapj\u00e1n, a versenyz\u0151knek sz\u00e1nt r\u00e9szben el\u00e9rhet\u0151 hivatalos menetrend szerint t\u00f6rt\u00e9nik. Biztons\u00e1gi okokb\u00f3l a meghirdetett felszerel\u00e9s t\u00e1rol\u00e1si intervallumon k\u00edv\u00fcl az \u00e1tmeneti ter\u00fcletre csak az adott id\u0151pontban r\u00e9szt vev\u0151 versenyz\u0151k l\u00e9phetnek be.<\/p>\n<p>A dep\u00f3z\u00f3n\u00e1ban a ker\u00e9kp\u00e1rok t\u00e1rol\u00e1sa a rajtsz\u00e1mt\u00f3l f\u00fcgg\u0151en kijel\u00f6lt helyen t\u00f6rt\u00e9nik.<\/p>\n<p>Az \u00e1tmenetben maradt ker\u00e9kp\u00e1rok \u00e9s felszerel\u00e9sek \u00e1tv\u00e9tele csak a rajtsz\u00e1m alapj\u00e1n t\u00f6rt\u00e9nik, \u00e9s azt a b\u00edr\u00f3k ellen\u0151rzik.<\/p>\n<p>&nbsp;<\/p>\n<p><strong>a) T1: Fut\u00e1s-ker\u00e9kp\u00e1roz\u00e1s \u00e1tmenet<\/strong><\/p>\n<p>Ez mag\u00e1ban foglalja a fut\u00f3felszerel\u00e9s elhelyez\u00e9s\u00e9t a versenyz\u0151nek kijel\u00f6lt boxban, \u00e9s a ker\u00e9kp\u00e1ros versenyre val\u00f3 felszerel\u00e9s\u00e9t.<\/p>\n<p>Tilos a felszerel\u00e9st vagy egy\u00e9b t\u00e1rgyakat a versenyz\u0151 sz\u00e1m\u00e1ra kijel\u00f6lt boxon k\u00edv\u00fcl hagyni.<\/p>\n<p>A ker\u00e9kp\u00e1r tart\u00f3r\u00f3l val\u00f3 leemel\u00e9se el\u0151tt a buk\u00f3sisakot megfelel\u0151en fel kell venni \u00e9s be kell csukni.<\/p>\n<p>A rajtsz\u00e1m visel\u00e9se k\u00f6telez\u0151. A ker\u00e9kp\u00e1ros verseny alatt a h\u00e1ton kell viselni, \u00e9s l\u00e1that\u00f3nak kell lennie a b\u00edr\u00f3k, a k\u00f6z\u00f6ns\u00e9g, a t\u00f6bbi versenyz\u0151 \u00e9s az \u00f6nk\u00e9ntesek sz\u00e1m\u00e1ra.<\/p>\n<p>A r\u00e9sztvev\u0151k csak a &quot;Mount Bike&quot; vonal \u00e1tl\u00e9p\u00e9se ut\u00e1n sz\u00e1llhatnak fel a ker\u00e9kp\u00e1rra.<\/p>\n<p><strong>b) T2: ker\u00e9kp\u00e1roz\u00e1s-fut\u00e1s<\/strong><\/p>\n<p>A versenyz\u0151knek a ker\u00e9kp\u00e1rjaikat a rajtsz\u00e1muknak megfelel\u0151, kijel\u00f6lt helyen kell t\u00e1rolniuk a dep\u00f3ban.<\/p>\n<p>A versenyz\u0151knek a ker\u00e9kp\u00e1ros verseny v\u00e9g\u00e9n a \u201eLesz\u00e1ll\u00e1s a ker\u00e9kp\u00e1rr\u00f3l\u201d vonal el\u0151tt kell lesz\u00e1llniuk a ker\u00e9kp\u00e1rjukr\u00f3l (egyik l\u00e1bukat a vonal el\u0151tt a f\u00f6ldre helyezve). Ez a vonal megfelel\u0151en lesz jel\u00f6lve, \u00e9s \u00f6nk\u00e9ntesek fogj\u00e1k kijelezni ezeket a ter\u00fcleteket.<\/p>\n<p>A ker\u00e9kp\u00e1ros buk\u00f3sisak csak a ker\u00e9kp\u00e1r parkol\u00e1sa ut\u00e1n levehet\u0151.<\/p>\n<p>&nbsp;<\/p>\n<p>&nbsp;<\/p>\n<h5><span style=\"color: #00ccff;\"><strong>3.3. REGISZTR\u00c1LJ<\/strong><\/span><\/h5>\n<p>A r\u00e9sztvev\u0151k a hivatalos weboldalon tal\u00e1lhat\u00f3 online \u0171rlap kit\u00f6lt\u00e9s\u00e9vel regisztr\u00e1lhatnak.<\/p>\n<p>A helyek nem \u00e1truh\u00e1zhat\u00f3k, kiv\u00e9ve k\u00fcl\u00f6nleges eseteket (v\u00e9szhelyzet \/ s\u00e9r\u00fcl\u00e9s \/ motiv\u00e1lt r\u00e9szv\u00e9teli k\u00e9ptelens\u00e9g). Az \u00e1thelyez\u00e9s a regisztr\u00e1ci\u00f3 lez\u00e1r\u00e1sa ut\u00e1n nem lehets\u00e9ges, \u00e9s 50 lej \u00e1thelyez\u00e9si d\u00edjat sz\u00e1m\u00edtunk fel. Ugyanez a szab\u00e1ly vonatkozik a r\u00e9sztvev\u0151k egyik versenyr\u0151l a m\u00e1sikra t\u00f6rt\u00e9n\u0151 helyez\u00e9s\u00e9nek megv\u00e1ltoztat\u00e1s\u00e1ra is. Abban az esetben, ha egy magasabb regisztr\u00e1ci\u00f3s d\u00edj\u00fa versenyr\u0151l egy alacsonyabb regisztr\u00e1ci\u00f3s d\u00edj\u00fa versenyre v\u00e1ltanak, a k\u00fcl\u00f6nb\u00f6zetet nem t\u00e9r\u00edtik vissza. A regisztr\u00e1ci\u00f3 lez\u00e1r\u00e1sa ut\u00e1n m\u00f3dos\u00edt\u00e1sra nincs lehet\u0151s\u00e9g.<\/p>\n<p>Minden versenyz\u0151nek saj\u00e1t felel\u0151ss\u00e9g\u00e9re r\u00e9szv\u00e9teli nyilatkozatot kell kit\u00f6ltenie \u00e9s al\u00e1\u00edrnia. A verseny megkezd\u00e9s\u00e9vel a versenyz\u0151 meger\u0151s\u00edti az al\u00e1\u00edr\u00e1s \u00e9rv\u00e9nyess\u00e9g\u00e9t.<\/p>\n<p>A versenyen \/ rendezv\u00e9nyen olyan szem\u00e9lyek r\u00e9szv\u00e9tele, akik alkoholos italt \/ k\u00e1b\u00edt\u00f3szert fogyasztottak, vagy ezek hat\u00e1sa alatt \u00e1llnak, olyan szem\u00e9lyek, akik b\u00e1rmilyen fegyvert, robban\u00f3- vagy gy\u00fajt\u00f3anyagot, k\u00f6nnyeket okoz\u00f3, irrit\u00e1l\u00f3 vagy b\u00e9n\u00edt\u00f3 anyagokat, elektromos sokkol\u00f3 eszk\u00f6z\u00f6ket tartanak. tilos olyan egy\u00e9b eszk\u00f6z haszn\u00e1lata, amely er\u0151szakos cselekm\u00e9nyekhez haszn\u00e1lhat\u00f3, vagy a rendezv\u00e9ny norm\u00e1lis lefoly\u00e1s\u00e1t megzavarhatja.<\/p>\n<p>A rendelkez\u00e9seket megszeg\u0151 szem\u00e9lyeket a szervez\u0151k elt\u00e1vol\u00edtj\u00e1k a rendezv\u00e9ny ter\u00fclet\u00e9r\u0151l, ak\u00e1r a hat\u00f3s\u00e1gok seg\u00edts\u00e9g\u00e9t is k\u00e9rik.<\/p>\n<p>&nbsp;<\/p>\n<h5><span style=\"color: #00ccff;\"><strong>3.4. FELSZEREL\u00c9S \u00c9S VERSENYFELT\u00c9TELEK. P\u00c1LY\u00c1ZATI SZ\u00c1MOK<\/strong><\/span><\/h5>\n<p>A versenyz\u0151k saj\u00e1t felszerel\u00e9s\u00fcket haszn\u00e1lj\u00e1k a verseny sor\u00e1n. A versenyz\u0151knek aj\u00e1nlott az akkori id\u0151j\u00e1r\u00e1si viszonyoknak megfelel\u0151 felszerel\u00e9st viselni a verseny napj\u00e1n.<\/p>\n<p>A rajtsz\u00e1mokat \u00e9s az id\u0151m\u00e9r\u0151 chipet a szervez\u0151 biztos\u00edtja a versenyz\u0151knek.<\/p>\n<p>A ker\u00e9kp\u00e1ros teszten:<\/p>\n<p>A rajtsz\u00e1mokat gumiszalaggal r\u00f6gz\u00edtik, \u00e9s a ker\u00e9kp\u00e1ros verseny alatt minden versenyz\u0151nek a h\u00e1t\u00e1n kell viselnie. A versenysz\u00e1m semmilyen m\u00f3don nem lehet s\u00e9r\u00fclt (v\u00e1gott, szakadt, hajl\u00edtott) vagy letakarva.<\/p>\n<p>A ker\u00e9kp\u00e1ros buk\u00f3sisak K\u00d6TELEZ\u0150 minden versenyz\u0151 sz\u00e1m\u00e1ra a ker\u00e9kp\u00e1rverseny ideje alatt, valamint a verseny el\u0151tti bemeleg\u00edt\u00e9s sor\u00e1n.<\/p>\n<p>A fut\u00f3verseny sor\u00e1n speci\u00e1lis fut\u00f3felszerel\u00e9s haszn\u00e1lata aj\u00e1nlott. A rajtsz\u00e1mot a mellkason\/hason kell viselni, hogy j\u00f3l l\u00e1that\u00f3 legyen. Meztelen mellkassal futni tilos.<\/p>\n<h5><\/h5>\n<h5><span style=\"color: #00ccff;\"><strong>3.5. AZ EREDM\u00c9NYEK MEG\u00c1LLAP\u00cdT\u00c1SA<\/strong><\/span><\/h5>\n<p>A rangsor az egyes r\u00e9sztvev\u0151k v\u00e9gs\u0151 ideje alapj\u00e1n alakul ki.<\/p>\n<p>A szervez\u0151k \u00e1ltal biztos\u00edtott kar\u00f3ra chipet a c\u00e9lvonal \u00e1tl\u00e9p\u00e9se ut\u00e1n visszakapjuk.<\/p>\n<p>A rangsorol\u00e1s a ny\u00edlt versenyen lesz.<\/p>\n<p>Az els\u0151 3 f\u00e9rfi \u00e9s n\u0151i helyez\u00e9st d\u00edjazzuk.<\/p>\n<p>&nbsp;<\/p>\n<p>&nbsp;<\/p>\n<h4><span style=\"color: #00ccff;\"><strong>5. SZAKASZ. ADMINISZTRAT\u00cdV FELT\u00c9TELEK<\/strong><\/span><\/h4>\n<h5><span style=\"color: #00ccff;\"><strong>5.1. ADMINISZTRAT\u00cdV FELT\u00c9TELEK (VERSENYEK ALATT)<\/strong><\/span><\/h5>\n<p>Azok a r\u00e9sztvev\u0151k, akik a verseny ideje alatt feladj\u00e1k a versenyt, k\u00f6telesek ezt a t\u00e9nyt a szervez\u0151nek \u00e9rtes\u00edteni \u00e9s az id\u0151m\u00e9r\u0151 chipet az \u00e1tmenet vagy a c\u00e9lter\u00fcleten leadni.<\/p>\n<p>A verseny ideje alatt baleseti s\u00e9r\u00fcl\u00e9s eset\u00e9n orvosi ell\u00e1t\u00e1st biztos\u00edtanak, \u00e9s az orvosi csapat a c\u00e9l \u00e9s az \u00e1tmenet k\u00f6zel\u00e9ben \u00e1ll rendelkez\u00e9sre.<\/p>\n<p>&nbsp;<\/p>\n<h5><span style=\"color: #00ccff;\"><strong>5.2. ADMINISZTRAT\u00cdV FELT\u00c9TELEK (KIV<\/strong><strong>V\u00c1LASZTHAT\u00d3)<\/strong><\/span><\/h5>\n<p>Kiv\u00e9teles, el\u0151re nem l\u00e1that\u00f3, a rendezv\u00e9ny biztons\u00e1gos lebonyol\u00edt\u00e1s\u00e1t vesz\u00e9lyeztet\u0151 helyzetekben (pl. sz\u00e9ls\u0151s\u00e9ges id\u0151j\u00e1r\u00e1si viszonyok, f\u00f6ldreng\u00e9s, j\u00e1rv\u00e1ny, katonai konfliktus) a rendezv\u00e9ny elhalaszthat\u00f3 vagy elmarad. Minden k\u00fcls\u0151, el\u0151re nem l\u00e1that\u00f3, felt\u00e9tlen\u00fcl elker\u00fclhetetlen esem\u00e9ny vis maior helyzetnek min\u0151s\u00fcl, bele\u00e9rtve azt a helyzetet is, amikor a versenyt a COVID 19 vil\u00e1gj\u00e1rv\u00e1ny kialakul\u00e1sa miatt t\u00f6r\u00f6lik.<\/p>\n<p>A verseny elhalaszt\u00e1sa vagy lemond\u00e1sa eset\u00e9n a r\u00e9szv\u00e9teli d\u00edjak vissza nem t\u00e9r\u00edtend\u0151k, a szervez\u0151 mentes\u00fcl mindennem\u0171 felel\u0151ss\u00e9ge al\u00f3l a r\u00e9sztvev\u0151knek okozott k\u00e1rok\u00e9rt a Ptk. 1351. \u00a7-a szerint. A rendezv\u00e9ny elmarad\u00e1sa eset\u00e9n a r\u00e9sztvev\u0151k r\u00e9szv\u00e9teli csomagot kapnak.<\/p>\n<h5><span style=\"color: #00ccff;\"><strong>5.3. ADMINISZTRAT\u00cdV FELT\u00c9TELEK (\u00c1LTAL\u00c1NOS)<\/strong><\/span><\/h5>\n<p>A hat\u00e1lyos jogszab\u00e1lyok \u00e9rtelm\u00e9ben a szervez\u0151k nyilv\u00e1noss\u00e1gra hozz\u00e1k a p\u00e1ly\u00e1zaton felaj\u00e1nlott neveket \u00e9s nyerem\u00e9nyeket. A nyertesek n\u00e9vsor\u00e1t az esem\u00e9nyt k\u00f6vet\u0151 7 napon bel\u00fcl k\u00f6zz\u00e9tessz\u00fck a hivatalos weboldalon.<\/p>\n<p>A szervez\u0151k k\u00f6telezetts\u00e9get v\u00e1llalnak arra, hogy betartj\u00e1k a 2. sz. A szem\u00e9lyes adatok v\u00e9delm\u00e9r\u0151l sz\u00f3l\u00f3 667\/2001.<\/p>\n<p>&nbsp;<\/p>\n<p>Ebb\u0151l kifoly\u00f3lag a szervez\u0151k k\u00f6telezetts\u00e9get v\u00e1llalnak arra, hogy a verseny r\u00e9sztvev\u0151i\/nyertesei szem\u00e9lyes adatainak bizalmas kezel\u00e9s\u00e9t tiszteletben tartj\u00e1k, \u00e9s azokat jelen hat\u00f3s\u00e1gi szab\u00e1lyok, a r\u00e9sztvev\u0151k saj\u00e1t felel\u0151ss\u00e9g\u00e9re tett nyilatkozatok \u00e9s a hat\u00e1lyos jogszab\u00e1lyok szerint haszn\u00e1lj\u00e1k fel.<\/p>\n<p>Tilos a versenyz\u0151knek hullad\u00e9kot hagyni a versenyter\u00fcleten, ami a versenyb\u0151l val\u00f3 kiz\u00e1r\u00e1st kock\u00e1ztatja.<\/p>\n<h5><span style=\"color: #00ccff;\"><strong>5.4. ADMINISZTRAT\u00cdV FELT\u00c9TELEK (JOGOS\u00cdT\u00c1S)<\/strong><\/span><\/h5>\n<p>A szervez\u0151k fenntartj\u00e1k a jogot, hogy ne fogadjanak be a versenybe olyan szem\u00e9lyeket, akik:<\/p>\n<ul>\n<li>ellenszeg\u00fcl\u0151k, nem viselkednek m\u00e9lt\u00f3s\u00e1gteljesen \u00e9s tiszteletteljesen, \u00e9s t\u00fall\u00e9pnek a j\u00f3zan \u00e9sz norm\u00e1in;<\/li>\n<li>er\u0151szakos \u00e9s agressz\u00edv a szervez\u0151kkel vagy a t\u00f6bbi r\u00e9sztvev\u0151vel szemben;<\/li>\n<li>alkoholos italt\/k\u00e1b\u00edt\u00f3szert fogyasztott, vagy ezen szerek hat\u00e1sa alatt \u00e1ll;<\/li>\n<li>rajtuk b\u00e1rmilyen fegyver, robban\u00f3- vagy gy\u00fajt\u00f3anyag, k\u00f6nnyg\u00e1z, irrit\u00e1l\u00f3 vagy b\u00e9n\u00edt\u00f3 anyag, elektrosokk-eszk\u00f6z vagy egy\u00e9b olyan eszk\u00f6z van, amely er\u0151szakos cselekm\u00e9nyekhez haszn\u00e1lhat\u00f3, vagy megzavarhatja az esem\u00e9ny norm\u00e1lis fejl\u0151d\u00e9s\u00e9t;<\/li>\n<li>dopping okokb\u00f3l felf\u00fcggesztik.<\/li>\n<\/ul>\n<p>&nbsp;<\/p>\n<h4><span style=\"color: #00ccff;\"><strong>6. SZAKASZ P\u00c9NZ\u00dcGYI SZAB\u00c1LYOK<\/strong><\/span><\/h4>\n<h5><span style=\"color: #00ccff;\">6.1. R\u00e9szv\u00e9teli d\u00edj<\/span><\/h5>\n<p>A r\u00e9szv\u00e9teli d\u00edjak a REGISZTR\u00c1CI\u00d3 r\u00e9szben tal\u00e1lhat\u00f3k, \u00e9s a fizet\u00e9s d\u00e1tum\u00e1t\u00f3l f\u00fcgg\u0151en v\u00e1ltozhatnak.<\/p>\n<p>Nem r\u00e9szv\u00e9tel eset\u00e9n a r\u00e9szv\u00e9teli d\u00edj vissza nem t\u00e9r\u00edtend\u0151.<\/p>\n<p>A r\u00e9szv\u00e9teli d\u00edjat az al\u00e1bbiak szerint t\u00e9r\u00edtheti vissza:<\/p>\n<ul>\n<li>\u2013 t\u00f6bb mint 90 nappal az esem\u00e9ny id\u0151pontja el\u0151tt 100% a befizetett \u00e1rb\u00f3l, levonva a 100lej visszat\u00e9r\u00edt\u00e9si d\u00edjat<\/li>\n<li>- az esem\u00e9ny id\u0151pontja el\u0151tt 90-60 nappal a kifizetett \u00e1r 70% r\u00e9sze.<\/li>\n<li>- az esem\u00e9ny id\u0151pontja el\u0151tt 60-30 nappal a kifizetett \u00e1r 50%-je.<\/li>\n<li>- a rendezv\u00e9ny id\u0151pontja el\u0151tt kevesebb mint 30 nappal t\u00f6rt\u00e9n\u0151 befizet\u00e9s eset\u00e9n a r\u00e9szv\u00e9teli d\u00edj nem visszat\u00e9r\u00edthet\u0151.<\/li>\n<\/ul>\n<p>&nbsp;<\/p>\n<p><span style=\"color: #00ccff;\"><em><strong>A szervez\u0151k fenntartj\u00e1k a jogot, hogy jelen Szab\u00e1lyzatot sz\u00fcks\u00e9g szerint m\u00f3dos\u00edts\u00e1k, megadva a m\u00f3dos\u00edt\u00e1s verzi\u00f3j\u00e1t \u00e9s id\u0151pontj\u00e1t.<\/strong><\/em><\/span><\/p>\n\n\t\t<\/div>\n\t<\/div>\n<\/div><\/div><\/div><\/div>\n<\/div>","protected":false},"excerpt":{"rendered":"Versiune 3\/29 septembrie 2025 &nbsp; SEC\u021aIUNEA 1. ORGANIZATORI \u0218I REGULI OFICIALE DE COMPETI\u021aIE Cursa RUN &amp; BIKE EXPERIENCE face parte din evenimentul sportiv \u201cTimi\u0219oara Triathlon\u201d, este organizat\u0103 de CS Ride [...]","protected":false},"author":990012,"featured_media":0,"parent":0,"menu_order":0,"comment_status":"closed","ping_status":"closed","template":"","meta":{"rs_blank_template":"","rs_page_bg_color":"","slide_template_v7":"","footnotes":""},"class_list":["post-3552","page","type-page","status-publish","hentry"],"aioseo_notices":[],"_links":{"self":[{"href":"https:\/\/timisoaratriathlon.ro\/hu\/wp-json\/wp\/v2\/pages\/3552","targetHints":{"allow":["GET"]}}],"collection":[{"href":"https:\/\/timisoaratriathlon.ro\/hu\/wp-json\/wp\/v2\/pages"}],"about":[{"href":"https:\/\/timisoaratriathlon.ro\/hu\/wp-json\/wp\/v2\/types\/page"}],"author":[{"embeddable":true,"href":"https:\/\/timisoaratriathlon.ro\/hu\/wp-json\/wp\/v2\/users\/990012"}],"replies":[{"embeddable":true,"href":"https:\/\/timisoaratriathlon.ro\/hu\/wp-json\/wp\/v2\/comments?post=3552"}],"version-history":[{"count":1,"href":"https:\/\/timisoaratriathlon.ro\/hu\/wp-json\/wp\/v2\/pages\/3552\/revisions"}],"predecessor-version":[{"id":3553,"href":"https:\/\/timisoaratriathlon.ro\/hu\/wp-json\/wp\/v2\/pages\/3552\/revisions\/3553"}],"wp:attachment":[{"href":"https:\/\/timisoaratriathlon.ro\/hu\/wp-json\/wp\/v2\/media?parent=3552"}],"curies":[{"name":"munkaf\u00fczet","href":"https:\/\/api.w.org\/{rel}","templated":true}]}}